{"id":532,"date":"2024-04-16T16:03:37","date_gmt":"2024-04-16T21:03:37","guid":{"rendered":"http:\/\/calidadecuador.produccion.gob.ec\/?page_id=532"},"modified":"2025-02-11T14:19:29","modified_gmt":"2025-02-11T19:19:29","slug":"fabricas-de-calidad","status":"publish","type":"page","link":"http:\/\/calidadecuador.produccion.gob.ec\/?page_id=532","title":{"rendered":"F\u00e1bricas de Calidad"},"content":{"rendered":"\n<div class=\"wp-block-columns is-layout-flex wp-container-core-columns-is-layout-1 wp-block-columns-is-layout-flex\">\n<div class=\"wp-block-column is-layout-flow wp-block-column-is-layout-flow\" style=\"flex-basis:25%\">\n<figure class=\"wp-block-image size-large is-style-default\"><img loading=\"lazy\" decoding=\"async\" width=\"1024\" height=\"926\" src=\"http:\/\/calidadecuador.produccion.gob.ec\/wp-content\/uploads\/2024\/04\/imagenFabricaCalidad-1024x926.jpeg\" alt=\"\" class=\"wp-image-537\" srcset=\"http:\/\/calidadecuador.produccion.gob.ec\/wp-content\/uploads\/2024\/04\/imagenFabricaCalidad-1024x926.jpeg 1024w, http:\/\/calidadecuador.produccion.gob.ec\/wp-content\/uploads\/2024\/04\/imagenFabricaCalidad-300x271.jpeg 300w, http:\/\/calidadecuador.produccion.gob.ec\/wp-content\/uploads\/2024\/04\/imagenFabricaCalidad-768x694.jpeg 768w, http:\/\/calidadecuador.produccion.gob.ec\/wp-content\/uploads\/2024\/04\/imagenFabricaCalidad.jpeg 1126w\" sizes=\"(max-width: 1024px) 100vw, 1024px\" \/><\/figure>\n<\/div>\n\n\n\n<div class=\"wp-block-column is-layout-flow wp-block-column-is-layout-flow\" style=\"flex-basis:75%\">\n<p class=\"titulo-detalle has-medium-font-size\"><em>A trav\u00e9s de este programa se desarrolla, ejecuta y aumenta el n\u00famero de empresas MIPYMES que desea obtener nuevas certificaciones de gesti\u00f3n en \u00e1reas como calidad, medio ambiente, seguridad y salud ocupacional, HACCP, GLOBALG.A.P., ISO 22000, econom\u00eda circular, entre otras. Adem\u00e1s, se crear\u00e1 una red de colaboraci\u00f3n p\u00fablico-privada que facilite la realizaci\u00f3n de este trabajo a costos reducidos, con una disminuci\u00f3n de al menos un 30%, buscando fortalecer la competitividad y mejorar las posibilidades de ingreso de productos y servicios ecuatorianos en los mercados internacionales<\/em><\/p>\n<\/div>\n<\/div>\n\n\n\n<ul class=\"lista-menu-pagina\">\n<li><a href=\"https:\/\/drive.google.com\/drive\/folders\/1XSocmV8t9m8OkSQXS-lFPy6BuMfOmu4B?usp=sharing\" target=\"_blank\" rel=\"noreferrer noopener\">INSTRUCTIVO DEL PROGRAMA<\/a><\/li>\n\n\n\n<li>INSCRIPCI\u00d3N DE EMPRESAS\n<ul>\n<li><a href=\"https:\/\/forms.gle\/cYWMKTN4ryfPsnVQ9\" target=\"_blank\" rel=\"noreferrer noopener\">Formulario de Inscripci\u00f3n<\/a><\/li>\n\n\n\n<li><a href=\"https:\/\/docs.google.com\/document\/d\/1DSUJVcbqfIoNZXuYusovlqvEp7W6szmb\/edit?usp=sharing&amp;ouid=105758527361857490395&amp;rtpof=true&amp;sd=true\" target=\"_blank\" rel=\"noreferrer noopener\">Carta de consentimiento para compartir datos de la empresa<\/a><\/li>\n<\/ul>\n<\/li>\n\n\n\n<li>INSCRIPCI\u00d3N DE CERTIFICADORAS\n<ul>\n<li><a href=\"https:\/\/forms.gle\/qctC32uWREgcrjgu9\" target=\"_blank\" rel=\"noreferrer noopener\">Formulario de Inscripci\u00f3n<\/a><\/li>\n\n\n\n<li><a href=\"https:\/\/docs.google.com\/spreadsheets\/d\/1DKJGMVCLgCNgX72E5QAyvLxR15dkeyJ4pLiVQmizYU4\/edit?usp=sharing\" target=\"_blank\" rel=\"noreferrer noopener\">Listado de certificadoras \/ Inspectoras participantes<\/a><\/li>\n<\/ul>\n<\/li>\n<\/ul>\n\n\n\n<p><\/p>\n","protected":false},"excerpt":{"rendered":"<p>A trav\u00e9s de este programa se desarrolla, ejecuta y aumenta el n\u00famero de empresas MIPYMES que desea obtener nuevas certificaciones de gesti\u00f3n en \u00e1reas como calidad, medio ambiente, seguridad y &#8230;<\/p>\n","protected":false},"author":1,"featured_media":0,"parent":0,"menu_order":0,"comment_status":"closed","ping_status":"closed","template":"","meta":{"footnotes":""},"_links":{"self":[{"href":"http:\/\/calidadecuador.produccion.gob.ec\/index.php?rest_route=\/wp\/v2\/pages\/532"}],"collection":[{"href":"http:\/\/calidadecuador.produccion.gob.ec\/index.php?rest_route=\/wp\/v2\/pages"}],"about":[{"href":"http:\/\/calidadecuador.produccion.gob.ec\/index.php?rest_route=\/wp\/v2\/types\/page"}],"author":[{"embeddable":true,"href":"http:\/\/calidadecuador.produccion.gob.ec\/index.php?rest_route=\/wp\/v2\/users\/1"}],"replies":[{"embeddable":true,"href":"http:\/\/calidadecuador.produccion.gob.ec\/index.php?rest_route=%2Fwp%2Fv2%2Fcomments&post=532"}],"version-history":[{"count":8,"href":"http:\/\/calidadecuador.produccion.gob.ec\/index.php?rest_route=\/wp\/v2\/pages\/532\/revisions"}],"predecessor-version":[{"id":546,"href":"http:\/\/calidadecuador.produccion.gob.ec\/index.php?rest_route=\/wp\/v2\/pages\/532\/revisions\/546"}],"wp:attachment":[{"href":"http:\/\/calidadecuador.produccion.gob.ec\/index.php?rest_route=%2Fwp%2Fv2%2Fmedia&parent=532"}],"curies":[{"name":"wp","href":"https:\/\/api.w.org\/{rel}","templated":true}]}}